{"id":2918,"date":"2014-08-14T15:55:14","date_gmt":"2014-08-14T15:55:14","guid":{"rendered":"https:\/\/www.museedelaguerre.ca\/premiereguerremondiale\/?page_id=2918"},"modified":"2024-03-28T18:15:28","modified_gmt":"2024-03-28T18:15:28","slug":"liens-vers-le-musee-canadien-de-la-guerre","status":"publish","type":"page","link":"https:\/\/www.museedelaguerre.ca\/premiereguerremondiale\/ressources\/liens-recommandes\/liens-vers-le-musee-canadien-de-la-guerre\/","title":{"rendered":"Liens vers le Mus\u00e9e canadien de la guerre"},"content":{"rendered":"<p><a href=\"https:\/\/www.museedelaguerre.ca\/cwm\/exhibitions\/propaganda\/first_f.shtml\" target=\"_blank\" rel=\"noopener\">La propagande de guerre au Canada<\/a><\/p>\n<p>Le site pr\u00e9sente et analyse des images de propagande de la Premi\u00e8re Guerre mondiale de la collection du Mus\u00e9e canadien de la guerre. Certains termes peuvent \u00eatre difficiles pour les \u00e9l\u00e8ves plus jeunes.<\/p>\n<p>Recommand\u00e9 \u00e0 partir de 13 ans.<\/p>\n<p><a href=\"https:\/\/www.museedelaguerre.ca\/cwm\/exhibitions\/purscan\/purinfra.shtml\" target=\"_blank\" rel=\"noopener\">Les Purs Canayens<\/a><\/p>\n<p>Une collection d&rsquo;affiches de la Premi\u00e8re Guerre mondiale utilis\u00e9es pour recruter des Canadiens fran\u00e7ais, accompagn\u00e9es d&rsquo;une traduction du texte et d&rsquo;une explication de chaque affiche.<\/p>\n<p>Recommand\u00e9 \u00e0 partir de 13 ans.<\/p>\n<p><a href=\"\/alassaut\/\" target=\"_blank\" rel=\"noopener\">\u00c0 l&rsquo;assaut &#8211; Une aventure interactive<\/a><\/p>\n<p>Une activit\u00e9 cr\u00e9\u00e9e par le Mus\u00e9e canadien de la guerre pour aider les \u00e9l\u00e8ves \u00e0 comprendre la Premi\u00e8re Guerre mondiale du point de vue du soldat. Son c\u00f4t\u00e9 interactif et les animations plairont aux \u00e9l\u00e8ves plus jeunes. Comprend un glossaire.<\/p>\n<p>Recommand\u00e9 \u00e0 partir de 10 ans.<\/p>\n<p><a href=\"\/cwm\/exhibitions\/chrono\/1914first_ww_f.shtml\" target=\"_blank\" rel=\"noopener\">Le Canada et la Premi\u00e8re Guerre mondiale<\/a><\/p>\n<p>Faisant partie de la Chronologie de l&rsquo;histoire militaire canadienne, ce site offre de courts r\u00e9sum\u00e9s de certains aspects de la Premi\u00e8re Guerre mondiale, notamment la conscription, la cr\u00eate de Vimy et l&rsquo;apr\u00e8s-guerre.<\/p>\n<p>Recommand\u00e9 \u00e0 partir de 13 ans.<\/p>\n","protected":false},"excerpt":{"rendered":"<p>La propagande de guerre au Canada Le site pr\u00e9sente et analyse des images de propagande de la Premi\u00e8re Guerre mondiale de la collection du Mus\u00e9e canadien de la guerre. Certains termes peuvent \u00eatre difficiles pour les \u00e9l\u00e8ves plus jeunes. Recommand\u00e9 \u00e0 partir de 13 ans. Les Purs Canayens Une collection d&rsquo;affiches de la Premi\u00e8re Guerre [&hellip;]<\/p>\n","protected":false},"author":1,"featured_media":0,"parent":2916,"menu_order":0,"comment_status":"closed","ping_status":"closed","template":"single-ressource.php","meta":{"footnotes":""},"_links":{"self":[{"href":"https:\/\/www.museedelaguerre.ca\/premiereguerremondiale\/wp-json\/wp\/v2\/pages\/2918"}],"collection":[{"href":"https:\/\/www.museedelaguerre.ca\/premiereguerremondiale\/wp-json\/wp\/v2\/pages"}],"about":[{"href":"https:\/\/www.museedelaguerre.ca\/premiereguerremondiale\/wp-json\/wp\/v2\/types\/page"}],"author":[{"embeddable":true,"href":"https:\/\/www.museedelaguerre.ca\/premiereguerremondiale\/wp-json\/wp\/v2\/users\/1"}],"replies":[{"embeddable":true,"href":"https:\/\/www.museedelaguerre.ca\/premiereguerremondiale\/wp-json\/wp\/v2\/comments?post=2918"}],"version-history":[{"count":5,"href":"https:\/\/www.museedelaguerre.ca\/premiereguerremondiale\/wp-json\/wp\/v2\/pages\/2918\/revisions"}],"predecessor-version":[{"id":3556,"href":"https:\/\/www.museedelaguerre.ca\/premiereguerremondiale\/wp-json\/wp\/v2\/pages\/2918\/revisions\/3556"}],"up":[{"embeddable":true,"href":"https:\/\/www.museedelaguerre.ca\/premiereguerremondiale\/wp-json\/wp\/v2\/pages\/2916"}],"wp:attachment":[{"href":"https:\/\/www.museedelaguerre.ca\/premiereguerremondiale\/wp-json\/wp\/v2\/media?parent=2918"}],"curies":[{"name":"wp","href":"https:\/\/api.w.org\/{rel}","templated":true}]}}