{"id":149,"date":"2014-07-16T15:31:54","date_gmt":"2014-07-16T15:31:54","guid":{"rendered":"https:\/\/www.museedelaguerre.ca\/premiere-guerre-mondial\/?page_id=149"},"modified":"2015-03-26T13:15:49","modified_gmt":"2015-03-26T13:15:49","slug":"amiens","status":"publish","type":"page","link":"https:\/\/www.museedelaguerre.ca\/premiereguerremondiale\/histoire\/batailles-et-combats\/batailles-terrestres\/amiens\/","title":{"rendered":"Amiens"},"content":{"rendered":"<p class=\"excerpt\">La bataille d&rsquo;Amiens marqua le d\u00e9but de la fin pour les arm\u00e9es allemandes. Une force alli\u00e9e puissante, dont les troupes canadiennes et australiennes furent le fer de lance, r\u00e9ussit presque \u00e0 percer les lignes ennemies le 8 ao\u00fbt, repoussant les Allemands de plusieurs kilom\u00e8tres.<\/p>\n<h2>Pr\u00e9paratifs secrets<\/h2>\n<p>Apr\u00e8s les offensives allemandes infructueuses du printemps 1918, les Alli\u00e9s se regroup\u00e8rent et contre-attaqu\u00e8rent le long du front occidental. Pr\u00e9par\u00e9e en secret et soutenue par une importante op\u00e9ration de contre-espionnage afin de tromper les Allemands sur l&#8217;emplacement r\u00e9el des troupes de choc canadiennes et australiennes, l&rsquo;attaque qui eut lieu \u00e0 Amiens allait s&rsquo;av\u00e9rer le plus grand succ\u00e8s de la guerre.<\/p>\n<h2>\u00c0 un cheveu d&rsquo;une perc\u00e9e<\/h2>\n<p>L&rsquo;offensive \u00e0 Amiens fut un assaut surprise bas\u00e9 sur une approche interarmes de la guerre. L&rsquo;infanterie attaqua derri\u00e8re un barrage roulant d&rsquo;artillerie, avec le soutien de chars, de la cavalerie, de v\u00e9hicules blind\u00e9s et d&rsquo;une force a\u00e9rienne tactique.<\/p>\n<p>Le 8 ao\u00fbt, jour o\u00f9 les forces alli\u00e9es connurent le plus de succ\u00e8s dans les combats sur le front occidental, les Canadiens avanc\u00e8rent de 13 kilom\u00e8tres \u00e0 travers les d\u00e9fenses allemandes. Mais les Allemands envoy\u00e8rent rapidement des renforts sur le champ de bataille pour emp\u00eacher une perc\u00e9e des Alli\u00e9s, et d\u00e8s lors les combats devinrent plus difficiles et plus meurtriers, particuli\u00e8rement parce que les forces assaillantes avan\u00e7aient au-del\u00e0 de la port\u00e9e de leurs canons. Dans la nuit du 11 ao\u00fbt, la plupart des op\u00e9rations offensives avaient pris fin.<\/p>\n<h2>Le \u00ab\u00a0jour noir\u00a0\u00bb de l&rsquo;arm\u00e9e allemande<\/h2>\n<p>Amiens, qu&rsquo;un de ses commandants qualifie de \u00ab\u00a0jour noir\u00a0\u00bb de l&rsquo;arm\u00e9e allemande, \u00e9branla la confiance des Allemands dans l&rsquo;issue de la guerre et remonta le moral des Alli\u00e9s.<\/p>\n<p>La plupart des commandants alli\u00e9s avaient pr\u00e9c\u00e9demment pr\u00e9dit que la guerre se poursuivrait encore pendant une bonne partie de 1919 et peut-\u00eatre m\u00eame jusqu&rsquo;en 1920. Amiens prouva qu&rsquo;apr\u00e8s quatre ann\u00e9es de guerre d&rsquo;usure l&rsquo;arm\u00e9e allemande flanchait et \u00e9tait plus proche de la d\u00e9faite que personne ne l&rsquo;avait pr\u00e9vu.<\/p>\n<p>D&rsquo;autres attaques d\u00e9lib\u00e9r\u00e9es lanc\u00e9es au cours des mois suivants rendirent la bataille extr\u00eamement meurtri\u00e8re. Les Canadiens perdirent plus de 11 800 hommes en tout, et de ce nombre pr\u00e8s de 4000 au cours de la seule journ\u00e9e du 8 ao\u00fbt.<\/p>\n<h3>Poursuivez votre exploration avec ces sujets :<\/h3>\n<ul class=\"related\">\n<li><a href=\"\/premiereguerremondiale\/histoire\/batailles-et-combats\/la-guerre-aerienne\/bombardement-strategique-et-puissance-aerienne-tactique\/\">Bombardement strat\u00e9gique et puissance a\u00e9rienne tactique<\/a><\/li>\n<li><a href=\"\/premiereguerremondiale\/histoire\/batailles-et-combats\/la-guerre-sur-terre\/mettre-fin-a-limpasse-dans-les-tranchees\/\">Mettre fin \u00e0 l\u2019impasse dans les tranch\u00e9es<\/a><\/li>\n<li><a href=\"\/premiereguerremondiale\/histoire\/la-vie-au-pays-pendant-la-guerre\/recrutement-et-conscription\/conscription-1917\/\">Conscription, 1917<\/a><\/li>\n<\/ul>\n","protected":false},"excerpt":{"rendered":"<p>La bataille d&rsquo;Amiens marqua le d\u00e9but de la fin pour les arm\u00e9es allemandes. Une force alli\u00e9e puissante, dont les troupes canadiennes et australiennes furent le fer de lance, r\u00e9ussit presque \u00e0 percer les lignes ennemies le 8 ao\u00fbt, repoussant les Allemands de plusieurs kilom\u00e8tres. Pr\u00e9paratifs secrets Apr\u00e8s les offensives allemandes infructueuses du printemps 1918, les [&hellip;]<\/p>\n","protected":false},"author":1,"featured_media":168,"parent":115,"menu_order":11,"comment_status":"open","ping_status":"open","template":"single-history.php","meta":{"footnotes":""},"_links":{"self":[{"href":"https:\/\/www.museedelaguerre.ca\/premiereguerremondiale\/wp-json\/wp\/v2\/pages\/149"}],"collection":[{"href":"https:\/\/www.museedelaguerre.ca\/premiereguerremondiale\/wp-json\/wp\/v2\/pages"}],"about":[{"href":"https:\/\/www.museedelaguerre.ca\/premiereguerremondiale\/wp-json\/wp\/v2\/types\/page"}],"author":[{"embeddable":true,"href":"https:\/\/www.museedelaguerre.ca\/premiereguerremondiale\/wp-json\/wp\/v2\/users\/1"}],"replies":[{"embeddable":true,"href":"https:\/\/www.museedelaguerre.ca\/premiereguerremondiale\/wp-json\/wp\/v2\/comments?post=149"}],"version-history":[{"count":3,"href":"https:\/\/www.museedelaguerre.ca\/premiereguerremondiale\/wp-json\/wp\/v2\/pages\/149\/revisions"}],"predecessor-version":[{"id":3357,"href":"https:\/\/www.museedelaguerre.ca\/premiereguerremondiale\/wp-json\/wp\/v2\/pages\/149\/revisions\/3357"}],"up":[{"embeddable":true,"href":"https:\/\/www.museedelaguerre.ca\/premiereguerremondiale\/wp-json\/wp\/v2\/pages\/115"}],"wp:featuredmedia":[{"embeddable":true,"href":"https:\/\/www.museedelaguerre.ca\/premiereguerremondiale\/wp-json\/wp\/v2\/media\/168"}],"wp:attachment":[{"href":"https:\/\/www.museedelaguerre.ca\/premiereguerremondiale\/wp-json\/wp\/v2\/media?parent=149"}],"curies":[{"name":"wp","href":"https:\/\/api.w.org\/{rel}","templated":true}]}}