{"id":131,"date":"2014-07-16T14:08:24","date_gmt":"2014-07-16T14:08:24","guid":{"rendered":"https:\/\/www.museedelaguerre.ca\/premiere-guerre-mondial\/?page_id=131"},"modified":"2015-03-26T12:58:29","modified_gmt":"2015-03-26T12:58:29","slug":"mont-sorrel","status":"publish","type":"page","link":"https:\/\/www.museedelaguerre.ca\/premiereguerremondiale\/histoire\/batailles-et-combats\/batailles-terrestres\/mont-sorrel\/","title":{"rendered":"Mont Sorrel"},"content":{"rendered":"<p class=\"excerpt\">Les Canadiens livr\u00e8rent la bataille du mont Sorrel, dans le saillant d&rsquo;Ypres, du 2 au 13 juin 1916.<\/p>\n<h2>Attaque allemande dans le saillant d&rsquo;Ypres<\/h2>\n<p>\u00c0 l&rsquo;\u00e9t\u00e9 1916, le Corps canadien \u00e9tait ma\u00eetre de la partie sud du saillant d&rsquo;Ypres. Les Allemands attaqu\u00e8rent les lignes canadiennes pour s&rsquo;assurer le dernier terrain sur\u00e9lev\u00e9 encore aux mains des Britanniques. Ils cherch\u00e8rent aussi \u00e0 d\u00e9tourner des ressources alli\u00e9es de la grande offensive qu&rsquo;ils savaient en cours de pr\u00e9paration dans la r\u00e9gion de la Somme.<\/p>\n<h2>Bombardement et pose de mines par les Allemands<\/h2>\n<p>La 3e\u00a0division canadienne, constitu\u00e9e en d\u00e9cembre 1915, fut la cible d&rsquo;un violent bombardement allemand le matin du 2 juin. Le barrage d\u00e9vasta les positions canadiennes avanc\u00e9es et tua des centaines d&rsquo;hommes, dont le commandant de la division, le major-g\u00e9n\u00e9ral Malcolm Mercer. L&rsquo;infanterie allemande se rua alors en avant et s&#8217;empara de positions canadiennes au mont Sorrel et de deux collines environnantes. Une contre-attaque organis\u00e9e \u00e0 la h\u00e2te le 3 juin \u00e9choua. Trois jours plus tard, les Allemands firent exploser quatre mines sous les positions canadiennes et prirent le village de Hooge.<\/p>\n<h2>Succ\u00e8s apr\u00e8s les pertes initiales<\/h2>\n<p>Le commandant du Corps canadien, sir Julian Byng, \u00e9tait d\u00e9termin\u00e9 \u00e0 reprendre le terrain perdu et attaqua, apr\u00e8s un violent bombardement d&rsquo;artillerie, aux premi\u00e8res heures du 13 juin. Lors de cette attaque bien pr\u00e9par\u00e9e, les Canadiens repouss\u00e8rent les Allemands et reprirent une partie du terrain perdu.<\/p>\n<p>La bataille du mont Sorrel dura pr\u00e8s de deux semaines et fit plus de 8000 pertes chez les Canadiens. Ayant perdu les deux premi\u00e8res phases de la bataille, les Canadiens obtinrent la victoire lors de l&rsquo;op\u00e9ration finale. Une pr\u00e9paration soign\u00e9e et des bombardements d&rsquo;artillerie concentr\u00e9e avaient commenc\u00e9 \u00e0 faire pencher la balance sur les champs de bataille de la Premi\u00e8re Guerre mondiale en faveur des attaquants contre les d\u00e9fenseurs retranch\u00e9s.<\/p>\n<h3>Poursuivez votre exploration avec ces sujets :<\/h3>\n<ul class=\"related\">\n<li><a href=\"\/premiereguerremondiale\/histoire\/batailles-et-combats\/armes-terrestres\/artillerie-et-mortiers\/\">Artillerie et mortiers<\/a><\/li>\n<li><a href=\"\/premiereguerremondiale\/histoire\/batailles-et-combats\/armes-terrestres\/mitrailleuses\/\">Mitrailleuses<\/a><\/li>\n<li><a href=\"\/premiereguerremondiale\/histoire\/la-vie-au-front\/les-conditions-dans-les-tranchees\/traumatismes-dus-aux-bombardements\/\">Traumatismes dus aux bombardements<\/a><\/li>\n<\/ul>\n","protected":false},"excerpt":{"rendered":"<p>Les Canadiens livr\u00e8rent la bataille du mont Sorrel, dans le saillant d&rsquo;Ypres, du 2 au 13 juin 1916. Attaque allemande dans le saillant d&rsquo;Ypres \u00c0 l&rsquo;\u00e9t\u00e9 1916, le Corps canadien \u00e9tait ma\u00eetre de la partie sud du saillant d&rsquo;Ypres. Les Allemands attaqu\u00e8rent les lignes canadiennes pour s&rsquo;assurer le dernier terrain sur\u00e9lev\u00e9 encore aux mains des [&hellip;]<\/p>\n","protected":false},"author":1,"featured_media":124,"parent":115,"menu_order":3,"comment_status":"open","ping_status":"open","template":"single-history.php","meta":{"footnotes":""},"_links":{"self":[{"href":"https:\/\/www.museedelaguerre.ca\/premiereguerremondiale\/wp-json\/wp\/v2\/pages\/131"}],"collection":[{"href":"https:\/\/www.museedelaguerre.ca\/premiereguerremondiale\/wp-json\/wp\/v2\/pages"}],"about":[{"href":"https:\/\/www.museedelaguerre.ca\/premiereguerremondiale\/wp-json\/wp\/v2\/types\/page"}],"author":[{"embeddable":true,"href":"https:\/\/www.museedelaguerre.ca\/premiereguerremondiale\/wp-json\/wp\/v2\/users\/1"}],"replies":[{"embeddable":true,"href":"https:\/\/www.museedelaguerre.ca\/premiereguerremondiale\/wp-json\/wp\/v2\/comments?post=131"}],"version-history":[{"count":4,"href":"https:\/\/www.museedelaguerre.ca\/premiereguerremondiale\/wp-json\/wp\/v2\/pages\/131\/revisions"}],"predecessor-version":[{"id":3347,"href":"https:\/\/www.museedelaguerre.ca\/premiereguerremondiale\/wp-json\/wp\/v2\/pages\/131\/revisions\/3347"}],"up":[{"embeddable":true,"href":"https:\/\/www.museedelaguerre.ca\/premiereguerremondiale\/wp-json\/wp\/v2\/pages\/115"}],"wp:featuredmedia":[{"embeddable":true,"href":"https:\/\/www.museedelaguerre.ca\/premiereguerremondiale\/wp-json\/wp\/v2\/media\/124"}],"wp:attachment":[{"href":"https:\/\/www.museedelaguerre.ca\/premiereguerremondiale\/wp-json\/wp\/v2\/media?parent=131"}],"curies":[{"name":"wp","href":"https:\/\/api.w.org\/{rel}","templated":true}]}}